{"id":144,"date":"2016-06-22T13:57:32","date_gmt":"2016-06-22T11:57:32","guid":{"rendered":"http:\/\/lis-wellpappe.de\/wordpress\/?page_id=144"},"modified":"2020-02-17T10:55:51","modified_gmt":"2020-02-17T09:55:51","slug":"impressum","status":"publish","type":"page","link":"https:\/\/lis-wellpappe.de\/wordpress\/unternehmen\/impressum\/","title":{"rendered":"Impressum"},"content":{"rendered":"<h2 style=\"text-align: justify;\">Verantwortlich f\u00fcr diese Seiten:<\/h2>\n<p style=\"text-align: justify;\">Yvonne Faniz\u00adzi<\/p>\n<p style=\"text-align: justify;\"><em>L\u00fcbe\u00adcker Indus\u00adtrie Ser\u00advice&nbsp;GmbH<br>\nAm K\u00f6nigs\u00adberg&nbsp;1<br>\n23568 L\u00fcbeck<\/em><\/p>\n<p style=\"text-align: justify;\"><strong>Tel.:<\/strong> 0451 \u2013 38 81&nbsp;882<br>\n<strong>Fax:<\/strong> 0451 \u2013 38 81&nbsp;886<br>\n<strong>Amts\u00adge\u00adricht:<\/strong> L\u00fcbeck <strong>USt.<span class=\"caps\">ID<\/span><\/strong> <span class=\"caps\">DE230892359<\/span> <strong><span class=\"caps\">HRB<\/span>.-Nr.:<\/strong> 5654<br>\n<strong>Gesch\u00e4fts\u00adf\u00fch\u00adre\u00adrin:<\/strong> Yvonne Fanizzi<\/p>\n<section class=\"ym-grid linearize-level-1 \">\n<div class=\"ym-g50 ym-gl\">\n<div class=\"ym-gbox-left\">\n<div id=\"c517\" class=\"csc-default\" style=\"text-align: justify;\">\n<h4>Rechtshinweis<\/h4>\n<p>Alle Anga\u00adben unse\u00adrer Inter\u00adnet\u00adsei\u00adten wur\u00adden sorg\u00adf\u00e4l\u00adtig gepr\u00fcft. Wir bem\u00fc\u00adhen uns, die\u00adses Infor\u00adma\u00adti\u00adons\u00adan\u00adge\u00adbot aktu\u00adell und inhalt\u00adlich rich\u00adtig sowie voll\u00adst\u00e4n\u00addig anzu\u00adbie\u00adten. Den\u00adnoch ist das Auf\u00adtre\u00adten von Feh\u00adlern nicht v\u00f6l\u00adlig aus\u00adzu\u00adschlie\u00ad\u00dfen. Eine Gew\u00e4hr f\u00fcr die Voll\u00adst\u00e4n\u00addig\u00adkeit, Rich\u00adtig\u00adkeit und Aktua\u00adli\u00adt\u00e4t kann daher nicht \u00fcber\u00adnom\u00admen werden.<\/p>\n<p><span class=\"caps\">LIS<\/span> L\u00fcbe\u00adcker Indus\u00adtrie Ser\u00advice GmbH kann die\u00adse Inter\u00adnet\u00adsei\u00adten nach eige\u00adnem Ermes\u00adsen jeder\u00adzeit ohne Ank\u00fcn\u00addi\u00adgung ver\u00ad\u00e4n\u00addern und \/ oder deren Betrieb ein\u00adstel\u00adlen. Wir sind nicht ver\u00adpflich\u00adtet, Inhal\u00adte die\u00adser Inter\u00adnet\u00adsei\u00adten zu aktualisieren.<\/p>\n<p>Der Zugang und die Benut\u00adzung die\u00adser Inter\u00adnet\u00adsei\u00adten geschieht auf eige\u00adne Gefahr des Benut\u00adzers. <span class=\"caps\">LIS<\/span> L\u00fcbe\u00adcker Indus\u00adtrie Ser\u00advice GmbH ist nicht ver\u00adant\u00adwort\u00adlich und \u00fcber\u00adnimmt kei\u00adner\u00adlei Haf\u00adtung f\u00fcr Sch\u00e4\u00adden, u.a. f\u00fcr direk\u00adte, indi\u00adrek\u00adte, zuf\u00e4l\u00adli\u00adge, vor\u00adab kon\u00adkret zu bestim\u00admen\u00adde oder Fol\u00adge\u00adsch\u00e4\u00adden, die angeb\u00adlich durch den oder in Ver\u00adbin\u00addung mit dem Zugang und\/oder der Benut\u00adzung die\u00adser Inter\u00adnet\u00adsei\u00adten auf\u00adge\u00adtre\u00adten&nbsp;sind.<\/p>\n<p>Fer\u00adner wird kei\u00adne Ver\u00adant\u00adwor\u00adtung f\u00fcr die Inhal\u00adte und die Ver\u00adf\u00fcg\u00adbar\u00adkeit von Inter\u00adnet\u00adsei\u00adten Drit\u00adter \u00fcber\u00adnom\u00admen, die \u00fcber exter\u00adne Links die\u00adses Infor\u00adma\u00adti\u00adons\u00adan\u00adge\u00adbo\u00adtes erreicht wer\u00adden.&nbsp;<span class=\"caps\">LIS<\/span> L\u00fcbe\u00adcker Indus\u00adtrie Ser\u00advice GmbH distan\u00adziert sich aus\u00addr\u00fcck\u00adlich von allen Inhal\u00adten, die m\u00f6g\u00adli\u00adcher\u00adwei\u00adse straf- oder haf\u00adtungs\u00adrecht\u00adlich rele\u00advant sind oder gegen die guten Sit\u00adten versto\u00dfen.<\/p>\n<h4>Bildhinweis<\/h4>\n<p>Die auf der Web\u00adsite ver\u00adwen\u00adde\u00adten Bil\u00adder unter\u00adlie\u00adgen dem Copyright<\/p>\n<p>Ste\u00adfan&nbsp;Lendt<\/p>\n<p>Gajus\/Shutterstock.com 222936982<br>\nMaxx-Studio\/Shutterstock.com 428455396<br>\nBabich Alexander\/Shutterstock.com 425317339<br>\nEnsuper\/Shutterstock.com 126735047<br>\nSyda Productions\/Shutterstock.com 416373949<\/p>\n<\/div>\n<\/div>\n<\/div>\n<\/section>\n","protected":false},"excerpt":{"rendered":"<p>Ver\u00adant\u00adwort\u00adlich f\u00fcr die\u00adse Sei\u00adten: Yvonne Faniz\u00adzi L\u00fcbe\u00adcker Indus\u00adtrie Ser\u00advice&nbsp;GmbH Am K\u00f6nigs\u00adberg&nbsp;1 23568 L\u00fcbeck Tel.: 0451 \u2013 38 81&nbsp;882 Fax: 0451 \u2013 38 81&nbsp;886 Amts\u00adge\u00adricht: L\u00fcbeck USt.<span class=\"caps\">ID<\/span> <span class=\"caps\">DE230892359<\/span> <span class=\"caps\">HRB<\/span>.-Nr.: 5654 Gesch\u00e4fts\u00adf\u00fch\u00adre\u00adrin: Yvonne Faniz\u00adzi Rechts\u00adhin\u00adweis Alle Anga\u00adben unse\u00adrer Inter\u00adnet\u00adsei\u00adten wur\u00adden sorg\u00adf\u00e4l\u00adtig gepr\u00fcft. Wir bem\u00fc\u00adhen uns, die\u00adses Infor\u00adma\u00adti\u00adons\u00adan\u00adge\u00adbot aktu\u00adell und inhalt\u00adlich rich\u00adtig&nbsp;sowie\u2026<\/p>\n<p> <a class=\"continue-reading-link\" href=\"https:\/\/lis-wellpappe.de\/wordpress\/unternehmen\/impressum\/\"><span>wei\u00adter\u00adle\u00adsen<\/span><i class=\"crycon-right-dir\"><\/i><\/a> <\/p>\n","protected":false},"author":1,"featured_media":0,"parent":36,"menu_order":0,"comment_status":"closed","ping_status":"closed","template":"","meta":{"wp_typography_post_enhancements_disabled":false,"footnotes":""},"class_list":["post-144","page","type-page","status-publish","hentry"],"yoast_head":"<!-- This site is optimized with the Yoast SEO plugin v27.5 - https:\/\/yoast.com\/product\/yoast-seo-wordpress\/ -->\n<title>Impressum - LIS L\u00fcbecker Industrie Service<\/title>\n<meta name=\"robots\" content=\"index, follow, max-snippet:-1, max-image-preview:large, max-video-preview:-1\" \/>\n<link rel=\"canonical\" href=\"https:\/\/lis-wellpappe.de\/wordpress\/unternehmen\/impressum\/\" \/>\n<meta property=\"og:locale\" content=\"de_DE\" \/>\n<meta property=\"og:type\" content=\"article\" \/>\n<meta property=\"og:title\" content=\"Impressum - LIS L\u00fcbecker Industrie Service\" \/>\n<meta property=\"og:description\" content=\"Verantwortlich f\u00fcr diese Seiten: Yvonne Faniz\u00adzi L\u00fcbe\u00adcker Indus\u00adtrie Ser\u00advice&nbsp;GmbH Am K\u00f6nigs\u00adberg&nbsp;1 23568 L\u00fcbeck Tel.: 0451 \u2013 38 81&nbsp;882 Fax: 0451 \u2013 38 81&nbsp;886 Amts\u00adge\u00adricht: L\u00fcbeck USt.ID DE230892359 HRB.-Nr.: 5654 Gesch\u00e4fts\u00adf\u00fch\u00adre\u00adrin: Yvonne Fanizzi Rechtshinweis Alle Anga\u00adben unse\u00adrer Inter\u00adnet\u00adsei\u00adten wur\u00adden sorg\u00adf\u00e4l\u00adtig gepr\u00fcft. Wir bem\u00fc\u00adhen uns, die\u00adses Infor\u00adma\u00adti\u00adons\u00adan\u00adge\u00adbot aktu\u00adell und inhalt\u00adlich rich\u00adtig sowie\u2026 weiterlesen\" \/>\n<meta property=\"og:url\" content=\"https:\/\/lis-wellpappe.de\/wordpress\/unternehmen\/impressum\/\" \/>\n<meta property=\"og:site_name\" content=\"LIS L\u00fcbecker Industrie Service\" \/>\n<meta property=\"article:modified_time\" content=\"2020-02-17T09:55:51+00:00\" \/>\n<meta name=\"twitter:card\" content=\"summary_large_image\" \/>\n<meta name=\"twitter:label1\" content=\"Gesch\u00e4tzte Lesezeit\" \/>\n\t<meta name=\"twitter:data1\" content=\"1\u00a0Minute\" \/>\n<script type=\"application\/ld+json\" class=\"yoast-schema-graph\">{\"@context\":\"https:\\\/\\\/schema.org\",\"@graph\":[{\"@type\":\"WebPage\",\"@id\":\"https:\\\/\\\/lis-wellpappe.de\\\/wordpress\\\/unternehmen\\\/impressum\\\/\",\"url\":\"https:\\\/\\\/lis-wellpappe.de\\\/wordpress\\\/unternehmen\\\/impressum\\\/\",\"name\":\"Impressum - LIS L\u00fcbecker Industrie Service\",\"isPartOf\":{\"@id\":\"https:\\\/\\\/lis-wellpappe.de\\\/wordpress\\\/#website\"},\"datePublished\":\"2016-06-22T11:57:32+00:00\",\"dateModified\":\"2020-02-17T09:55:51+00:00\",\"breadcrumb\":{\"@id\":\"https:\\\/\\\/lis-wellpappe.de\\\/wordpress\\\/unternehmen\\\/impressum\\\/#breadcrumb\"},\"inLanguage\":\"de\",\"potentialAction\":[{\"@type\":\"ReadAction\",\"target\":[\"https:\\\/\\\/lis-wellpappe.de\\\/wordpress\\\/unternehmen\\\/impressum\\\/\"]}]},{\"@type\":\"BreadcrumbList\",\"@id\":\"https:\\\/\\\/lis-wellpappe.de\\\/wordpress\\\/unternehmen\\\/impressum\\\/#breadcrumb\",\"itemListElement\":[{\"@type\":\"ListItem\",\"position\":1,\"name\":\"Startseite\",\"item\":\"https:\\\/\\\/lis-wellpappe.de\\\/wordpress\\\/\"},{\"@type\":\"ListItem\",\"position\":2,\"name\":\"Unternehmen\",\"item\":\"https:\\\/\\\/lis-wellpappe.de\\\/wordpress\\\/unternehmen\\\/\"},{\"@type\":\"ListItem\",\"position\":3,\"name\":\"Impressum\"}]},{\"@type\":\"WebSite\",\"@id\":\"https:\\\/\\\/lis-wellpappe.de\\\/wordpress\\\/#website\",\"url\":\"https:\\\/\\\/lis-wellpappe.de\\\/wordpress\\\/\",\"name\":\"LIS L\u00fcbecker Industrie Service\",\"description\":\"Konstruktive Verpackungen aus Wellpappe\",\"publisher\":{\"@id\":\"https:\\\/\\\/lis-wellpappe.de\\\/wordpress\\\/#organization\"},\"potentialAction\":[{\"@type\":\"SearchAction\",\"target\":{\"@type\":\"EntryPoint\",\"urlTemplate\":\"https:\\\/\\\/lis-wellpappe.de\\\/wordpress\\\/?s={search_term_string}\"},\"query-input\":{\"@type\":\"PropertyValueSpecification\",\"valueRequired\":true,\"valueName\":\"search_term_string\"}}],\"inLanguage\":\"de\"},{\"@type\":\"Organization\",\"@id\":\"https:\\\/\\\/lis-wellpappe.de\\\/wordpress\\\/#organization\",\"name\":\"LIS L\u00fcbecker Industrie Service\",\"url\":\"https:\\\/\\\/lis-wellpappe.de\\\/wordpress\\\/\",\"logo\":{\"@type\":\"ImageObject\",\"inLanguage\":\"de\",\"@id\":\"https:\\\/\\\/lis-wellpappe.de\\\/wordpress\\\/#\\\/schema\\\/logo\\\/image\\\/\",\"url\":\"https:\\\/\\\/lis-wellpappe.de\\\/wordpress\\\/wp-content\\\/uploads\\\/2017\\\/03\\\/logo.png\",\"contentUrl\":\"https:\\\/\\\/lis-wellpappe.de\\\/wordpress\\\/wp-content\\\/uploads\\\/2017\\\/03\\\/logo.png\",\"width\":671,\"height\":235,\"caption\":\"LIS L\u00fcbecker Industrie Service\"},\"image\":{\"@id\":\"https:\\\/\\\/lis-wellpappe.de\\\/wordpress\\\/#\\\/schema\\\/logo\\\/image\\\/\"}}]}<\/script>\n<!-- \/ Yoast SEO plugin. -->","yoast_head_json":{"title":"Impressum - LIS L\u00fcbecker Industrie Service","robots":{"index":"index","follow":"follow","max-snippet":"max-snippet:-1","max-image-preview":"max-image-preview:large","max-video-preview":"max-video-preview:-1"},"canonical":"https:\/\/lis-wellpappe.de\/wordpress\/unternehmen\/impressum\/","og_locale":"de_DE","og_type":"article","og_title":"Impressum - LIS L\u00fcbecker Industrie Service","og_description":"Verantwortlich f\u00fcr diese Seiten: Yvonne Faniz\u00adzi L\u00fcbe\u00adcker Indus\u00adtrie Ser\u00advice&nbsp;GmbH Am K\u00f6nigs\u00adberg&nbsp;1 23568 L\u00fcbeck Tel.: 0451 \u2013 38 81&nbsp;882 Fax: 0451 \u2013 38 81&nbsp;886 Amts\u00adge\u00adricht: L\u00fcbeck USt.ID DE230892359 HRB.-Nr.: 5654 Gesch\u00e4fts\u00adf\u00fch\u00adre\u00adrin: Yvonne Fanizzi Rechtshinweis Alle Anga\u00adben unse\u00adrer Inter\u00adnet\u00adsei\u00adten wur\u00adden sorg\u00adf\u00e4l\u00adtig gepr\u00fcft. Wir bem\u00fc\u00adhen uns, die\u00adses Infor\u00adma\u00adti\u00adons\u00adan\u00adge\u00adbot aktu\u00adell und inhalt\u00adlich rich\u00adtig sowie\u2026 weiterlesen","og_url":"https:\/\/lis-wellpappe.de\/wordpress\/unternehmen\/impressum\/","og_site_name":"LIS L\u00fcbecker Industrie Service","article_modified_time":"2020-02-17T09:55:51+00:00","twitter_card":"summary_large_image","twitter_misc":{"Gesch\u00e4tzte Lesezeit":"1\u00a0Minute"},"schema":{"@context":"https:\/\/schema.org","@graph":[{"@type":"WebPage","@id":"https:\/\/lis-wellpappe.de\/wordpress\/unternehmen\/impressum\/","url":"https:\/\/lis-wellpappe.de\/wordpress\/unternehmen\/impressum\/","name":"Impressum - LIS L\u00fcbecker Industrie Service","isPartOf":{"@id":"https:\/\/lis-wellpappe.de\/wordpress\/#website"},"datePublished":"2016-06-22T11:57:32+00:00","dateModified":"2020-02-17T09:55:51+00:00","breadcrumb":{"@id":"https:\/\/lis-wellpappe.de\/wordpress\/unternehmen\/impressum\/#breadcrumb"},"inLanguage":"de","potentialAction":[{"@type":"ReadAction","target":["https:\/\/lis-wellpappe.de\/wordpress\/unternehmen\/impressum\/"]}]},{"@type":"BreadcrumbList","@id":"https:\/\/lis-wellpappe.de\/wordpress\/unternehmen\/impressum\/#breadcrumb","itemListElement":[{"@type":"ListItem","position":1,"name":"Startseite","item":"https:\/\/lis-wellpappe.de\/wordpress\/"},{"@type":"ListItem","position":2,"name":"Unternehmen","item":"https:\/\/lis-wellpappe.de\/wordpress\/unternehmen\/"},{"@type":"ListItem","position":3,"name":"Impressum"}]},{"@type":"WebSite","@id":"https:\/\/lis-wellpappe.de\/wordpress\/#website","url":"https:\/\/lis-wellpappe.de\/wordpress\/","name":"LIS L\u00fcbecker Industrie Service","description":"Konstruktive Verpackungen aus Wellpappe","publisher":{"@id":"https:\/\/lis-wellpappe.de\/wordpress\/#organization"},"potentialAction":[{"@type":"SearchAction","target":{"@type":"EntryPoint","urlTemplate":"https:\/\/lis-wellpappe.de\/wordpress\/?s={search_term_string}"},"query-input":{"@type":"PropertyValueSpecification","valueRequired":true,"valueName":"search_term_string"}}],"inLanguage":"de"},{"@type":"Organization","@id":"https:\/\/lis-wellpappe.de\/wordpress\/#organization","name":"LIS L\u00fcbecker Industrie Service","url":"https:\/\/lis-wellpappe.de\/wordpress\/","logo":{"@type":"ImageObject","inLanguage":"de","@id":"https:\/\/lis-wellpappe.de\/wordpress\/#\/schema\/logo\/image\/","url":"https:\/\/lis-wellpappe.de\/wordpress\/wp-content\/uploads\/2017\/03\/logo.png","contentUrl":"https:\/\/lis-wellpappe.de\/wordpress\/wp-content\/uploads\/2017\/03\/logo.png","width":671,"height":235,"caption":"LIS L\u00fcbecker Industrie Service"},"image":{"@id":"https:\/\/lis-wellpappe.de\/wordpress\/#\/schema\/logo\/image\/"}}]}},"_links":{"self":[{"href":"https:\/\/lis-wellpappe.de\/wordpress\/wp-json\/wp\/v2\/pages\/144","targetHints":{"allow":["GET"]}}],"collection":[{"href":"https:\/\/lis-wellpappe.de\/wordpress\/wp-json\/wp\/v2\/pages"}],"about":[{"href":"https:\/\/lis-wellpappe.de\/wordpress\/wp-json\/wp\/v2\/types\/page"}],"author":[{"embeddable":true,"href":"https:\/\/lis-wellpappe.de\/wordpress\/wp-json\/wp\/v2\/users\/1"}],"replies":[{"embeddable":true,"href":"https:\/\/lis-wellpappe.de\/wordpress\/wp-json\/wp\/v2\/comments?post=144"}],"version-history":[{"count":14,"href":"https:\/\/lis-wellpappe.de\/wordpress\/wp-json\/wp\/v2\/pages\/144\/revisions"}],"predecessor-version":[{"id":1175,"href":"https:\/\/lis-wellpappe.de\/wordpress\/wp-json\/wp\/v2\/pages\/144\/revisions\/1175"}],"up":[{"embeddable":true,"href":"https:\/\/lis-wellpappe.de\/wordpress\/wp-json\/wp\/v2\/pages\/36"}],"wp:attachment":[{"href":"https:\/\/lis-wellpappe.de\/wordpress\/wp-json\/wp\/v2\/media?parent=144"}],"curies":[{"name":"wp","href":"https:\/\/api.w.org\/{rel}","templated":true}]}}